{"id":2144,"date":"2023-11-21T13:55:15","date_gmt":"2023-11-21T13:55:15","guid":{"rendered":"https:\/\/vilokan.com\/adf\/?page_id=2144"},"modified":"2023-11-21T13:55:26","modified_gmt":"2023-11-21T13:55:26","slug":"lediga-tjanster","status":"publish","type":"page","link":"https:\/\/vilokan.com\/adf\/sv\/om-oss\/lediga-tjanster\/","title":{"rendered":"Lediga tj\u00e4nster"},"content":{"rendered":"\n<p>Vi v\u00e4rdes\u00e4tter m\u00e5ngfalden av erfarenheter och id\u00e9er i v\u00e5r st\u00e4ndiga str\u00e4van efter framsteg. Vi vill g\u00e4rna jobba med dig som har branscherfarenhet och \u00e4r ekonom eller ingenj\u00f6r. Vi tror att en balans mellan individens utveckling och f\u00f6retagets framg\u00e5ng skapar den b\u00e4sta grogrunden f\u00f6r gemensam tillv\u00e4xt. \u00c4r du intresserad av att arbeta med oss? Tveka inte att skicka in din ans\u00f6kan, \u00e4ven om det f\u00f6r tillf\u00e4llet inte finns n\u00e5gra lediga tj\u00e4nster. Vi v\u00e4lkomnar b\u00e5de veteraner med gedigen branscherfarenhet och nya ansikten med fr\u00e4scha id\u00e9er.<\/p>\n\n\n\n<p>Vi \u00e4r \u00f6vertygade om att m\u00e5ngfalden i v\u00e5r arbetsstyrka \u00e4r en nyckel till framg\u00e5ng. Kontakta oss p\u00e5&nbsp;<a href=\"mailto:info@vilokan.com\">info@vilokan.com<\/a>&nbsp;och l\u00e5t oss tillsammans skapa en arbetsmilj\u00f6 d\u00e4r vi tillsammans driver innovation och utvecklingen fram\u00e5t. Vi ser fram emot att h\u00f6ra fr\u00e5n dig och f\u00e5 veta mer om ditt bidrag till v\u00e5rt team.&nbsp;Kontakta oss&nbsp;<a href=\"mailto:info@vilokan.com\">info@vilokan.com<\/a><\/p>\n","protected":false},"excerpt":{"rendered":"<p>Vi v\u00e4rdes\u00e4tter m\u00e5ngfalden av erfarenheter och id\u00e9er i v\u00e5r st\u00e4ndiga str\u00e4van efter framsteg. Vi vill g\u00e4rna jobba med dig som har branscherfarenhet och \u00e4r ekonom eller ingenj\u00f6r. Vi tror att en balans mellan individens utveckling och f\u00f6retagets framg\u00e5ng skapar den b\u00e4sta grogrunden f\u00f6r gemensam tillv\u00e4xt. \u00c4r du intresserad av att arbeta med oss? Tveka inte&#8230;<\/p>\n","protected":false},"author":1,"featured_media":2145,"parent":1097,"menu_order":0,"comment_status":"closed","ping_status":"closed","template":"","meta":[],"acf":[],"yoast_head":"<!-- This site is optimized with the Yoast SEO plugin v20.2.1 - https:\/\/yoast.com\/wordpress\/plugins\/seo\/ -->\n<title>Lediga tj\u00e4nster - Vilokan ADF<\/title>\n<meta name=\"robots\" content=\"index, follow, max-snippet:-1, max-image-preview:large, max-video-preview:-1\" \/>\n<link rel=\"canonical\" href=\"https:\/\/vilokan.com\/adf\/sv\/om-oss\/lediga-tjanster\/\" \/>\n<meta property=\"og:locale\" content=\"sv_SE\" \/>\n<meta property=\"og:type\" content=\"article\" \/>\n<meta property=\"og:title\" content=\"Lediga tj\u00e4nster - Vilokan ADF\" \/>\n<meta property=\"og:description\" content=\"Vi v\u00e4rdes\u00e4tter m\u00e5ngfalden av erfarenheter och id\u00e9er i v\u00e5r st\u00e4ndiga str\u00e4van efter framsteg. Vi vill g\u00e4rna jobba med dig som har branscherfarenhet och \u00e4r ekonom eller ingenj\u00f6r. Vi tror att en balans mellan individens utveckling och f\u00f6retagets framg\u00e5ng skapar den b\u00e4sta grogrunden f\u00f6r gemensam tillv\u00e4xt. \u00c4r du intresserad av att arbeta med oss? Tveka inte...\" \/>\n<meta property=\"og:url\" content=\"https:\/\/vilokan.com\/adf\/sv\/om-oss\/lediga-tjanster\/\" \/>\n<meta property=\"og:site_name\" content=\"Vilokan ADF\" \/>\n<meta property=\"article:modified_time\" content=\"2023-11-21T13:55:26+00:00\" \/>\n<meta property=\"og:image\" content=\"https:\/\/vilokan.com\/adf\/wp-content\/uploads\/sites\/3\/2023\/11\/Jobba-hos-oss_5300131966.jpg\" \/>\n\t<meta property=\"og:image:width\" content=\"1920\" \/>\n\t<meta property=\"og:image:height\" content=\"1166\" \/>\n\t<meta property=\"og:image:type\" content=\"image\/jpeg\" \/>\n<meta name=\"twitter:card\" content=\"summary_large_image\" \/>\n<meta name=\"twitter:label1\" content=\"Est. reading time\" \/>\n\t<meta name=\"twitter:data1\" content=\"1 minut\" \/>\n<script type=\"application\/ld+json\" class=\"yoast-schema-graph\">{\"@context\":\"https:\/\/schema.org\",\"@graph\":[{\"@type\":\"WebPage\",\"@id\":\"https:\/\/vilokan.com\/adf\/sv\/om-oss\/lediga-tjanster\/\",\"url\":\"https:\/\/vilokan.com\/adf\/sv\/om-oss\/lediga-tjanster\/\",\"name\":\"Lediga tj\u00e4nster - Vilokan ADF\",\"isPartOf\":{\"@id\":\"https:\/\/vilokan.com\/adf\/#website\"},\"datePublished\":\"2023-11-21T13:55:15+00:00\",\"dateModified\":\"2023-11-21T13:55:26+00:00\",\"breadcrumb\":{\"@id\":\"https:\/\/vilokan.com\/adf\/sv\/om-oss\/lediga-tjanster\/#breadcrumb\"},\"inLanguage\":\"sv-SE\",\"potentialAction\":[{\"@type\":\"ReadAction\",\"target\":[\"https:\/\/vilokan.com\/adf\/sv\/om-oss\/lediga-tjanster\/\"]}]},{\"@type\":\"BreadcrumbList\",\"@id\":\"https:\/\/vilokan.com\/adf\/sv\/om-oss\/lediga-tjanster\/#breadcrumb\",\"itemListElement\":[{\"@type\":\"ListItem\",\"position\":1,\"name\":\"Home\",\"item\":\"https:\/\/vilokan.com\/adf\/sv\/\"},{\"@type\":\"ListItem\",\"position\":2,\"name\":\"Om oss\",\"item\":\"https:\/\/vilokan.com\/adf\/sv\/om-oss\/\"},{\"@type\":\"ListItem\",\"position\":3,\"name\":\"Lediga tj\u00e4nster\"}]},{\"@type\":\"WebSite\",\"@id\":\"https:\/\/vilokan.com\/adf\/#website\",\"url\":\"https:\/\/vilokan.com\/adf\/\",\"name\":\"Vilokan ADF\",\"description\":\"Vilokan ADF Solutions let airports recycle spent ADF to recover glycol and handle by-products in a profitable and environmentally sound way.\",\"potentialAction\":[{\"@type\":\"SearchAction\",\"target\":{\"@type\":\"EntryPoint\",\"urlTemplate\":\"https:\/\/vilokan.com\/adf\/?s={search_term_string}\"},\"query-input\":\"required name=search_term_string\"}],\"inLanguage\":\"sv-SE\"}]}<\/script>\n<!-- \/ Yoast SEO plugin. -->","yoast_head_json":{"title":"Lediga tj\u00e4nster - Vilokan ADF","robots":{"index":"index","follow":"follow","max-snippet":"max-snippet:-1","max-image-preview":"max-image-preview:large","max-video-preview":"max-video-preview:-1"},"canonical":"https:\/\/vilokan.com\/adf\/sv\/om-oss\/lediga-tjanster\/","og_locale":"sv_SE","og_type":"article","og_title":"Lediga tj\u00e4nster - Vilokan ADF","og_description":"Vi v\u00e4rdes\u00e4tter m\u00e5ngfalden av erfarenheter och id\u00e9er i v\u00e5r st\u00e4ndiga str\u00e4van efter framsteg. Vi vill g\u00e4rna jobba med dig som har branscherfarenhet och \u00e4r ekonom eller ingenj\u00f6r. Vi tror att en balans mellan individens utveckling och f\u00f6retagets framg\u00e5ng skapar den b\u00e4sta grogrunden f\u00f6r gemensam tillv\u00e4xt. \u00c4r du intresserad av att arbeta med oss? Tveka inte...","og_url":"https:\/\/vilokan.com\/adf\/sv\/om-oss\/lediga-tjanster\/","og_site_name":"Vilokan ADF","article_modified_time":"2023-11-21T13:55:26+00:00","og_image":[{"width":1920,"height":1166,"url":"https:\/\/vilokan.com\/adf\/wp-content\/uploads\/sites\/3\/2023\/11\/Jobba-hos-oss_5300131966.jpg","type":"image\/jpeg"}],"twitter_card":"summary_large_image","twitter_misc":{"Est. reading time":"1 minut"},"schema":{"@context":"https:\/\/schema.org","@graph":[{"@type":"WebPage","@id":"https:\/\/vilokan.com\/adf\/sv\/om-oss\/lediga-tjanster\/","url":"https:\/\/vilokan.com\/adf\/sv\/om-oss\/lediga-tjanster\/","name":"Lediga tj\u00e4nster - Vilokan ADF","isPartOf":{"@id":"https:\/\/vilokan.com\/adf\/#website"},"datePublished":"2023-11-21T13:55:15+00:00","dateModified":"2023-11-21T13:55:26+00:00","breadcrumb":{"@id":"https:\/\/vilokan.com\/adf\/sv\/om-oss\/lediga-tjanster\/#breadcrumb"},"inLanguage":"sv-SE","potentialAction":[{"@type":"ReadAction","target":["https:\/\/vilokan.com\/adf\/sv\/om-oss\/lediga-tjanster\/"]}]},{"@type":"BreadcrumbList","@id":"https:\/\/vilokan.com\/adf\/sv\/om-oss\/lediga-tjanster\/#breadcrumb","itemListElement":[{"@type":"ListItem","position":1,"name":"Home","item":"https:\/\/vilokan.com\/adf\/sv\/"},{"@type":"ListItem","position":2,"name":"Om oss","item":"https:\/\/vilokan.com\/adf\/sv\/om-oss\/"},{"@type":"ListItem","position":3,"name":"Lediga tj\u00e4nster"}]},{"@type":"WebSite","@id":"https:\/\/vilokan.com\/adf\/#website","url":"https:\/\/vilokan.com\/adf\/","name":"Vilokan ADF","description":"Vilokan ADF Solutions let airports recycle spent ADF to recover glycol and handle by-products in a profitable and environmentally sound way.","potentialAction":[{"@type":"SearchAction","target":{"@type":"EntryPoint","urlTemplate":"https:\/\/vilokan.com\/adf\/?s={search_term_string}"},"query-input":"required name=search_term_string"}],"inLanguage":"sv-SE"}]}},"_links":{"self":[{"href":"https:\/\/vilokan.com\/adf\/sv\/wp-json\/wp\/v2\/pages\/2144"}],"collection":[{"href":"https:\/\/vilokan.com\/adf\/sv\/wp-json\/wp\/v2\/pages"}],"about":[{"href":"https:\/\/vilokan.com\/adf\/sv\/wp-json\/wp\/v2\/types\/page"}],"author":[{"embeddable":true,"href":"https:\/\/vilokan.com\/adf\/sv\/wp-json\/wp\/v2\/users\/1"}],"replies":[{"embeddable":true,"href":"https:\/\/vilokan.com\/adf\/sv\/wp-json\/wp\/v2\/comments?post=2144"}],"version-history":[{"count":1,"href":"https:\/\/vilokan.com\/adf\/sv\/wp-json\/wp\/v2\/pages\/2144\/revisions"}],"predecessor-version":[{"id":2147,"href":"https:\/\/vilokan.com\/adf\/sv\/wp-json\/wp\/v2\/pages\/2144\/revisions\/2147"}],"up":[{"embeddable":true,"href":"https:\/\/vilokan.com\/adf\/sv\/wp-json\/wp\/v2\/pages\/1097"}],"wp:featuredmedia":[{"embeddable":true,"href":"https:\/\/vilokan.com\/adf\/sv\/wp-json\/wp\/v2\/media\/2145"}],"wp:attachment":[{"href":"https:\/\/vilokan.com\/adf\/sv\/wp-json\/wp\/v2\/media?parent=2144"}],"curies":[{"name":"wp","href":"https:\/\/api.w.org\/{rel}","templated":true}]}}